{"id":6910,"date":"2025-05-28T16:43:26","date_gmt":"2025-05-28T16:43:26","guid":{"rendered":"https:\/\/new.edenartgallery.ma\/?post_type=portfolio&#038;p=6910"},"modified":"2025-05-28T16:46:35","modified_gmt":"2025-05-28T16:46:35","slug":"le-monde-merveilleux-de-kamal-essoussi-a-la-galerie-eden-art","status":"publish","type":"portfolio","link":"https:\/\/edenartgallery.ma\/en\/portfolio\/le-monde-merveilleux-de-kamal-essoussi-a-la-galerie-eden-art\/","title":{"rendered":"Le monde merveilleux de Kamal Essoussi \u00e0 la galerie Eden Art"},"content":{"rendered":"<p><strong>La galerie EdenArt accueille une exposition de diverses installations murales, sculptures et \u0153uvres de Kamal Essoussi.<\/strong>\u00a0L\u2019expertise technique de l\u2019artiste est \u00e9vidente, notamment \u00e0 travers l\u2019utilisation de mat\u00e9riaux nobles. Cependant, c\u2019est sa capacit\u00e9 \u00e0 imaginer et produire des pi\u00e8ces empreintes d\u2019histoires inspir\u00e9es par les contes et le monde de l\u2019enfance qui particularise son travail. \u00ab Au pays des merveilles \u00bb nous entra\u00eene dans un royaume de couleurs et de formes o\u00f9 la rigueur des d\u00e9tails et l\u2019\u00e9tude des mat\u00e9riaux donnent vie \u00e0 des sc\u00e8nes lyriques qui nous transportent de textures d\u2019ondes en panoramas surr\u00e9alistes. Un \u00e9quilibre subtil entre sensibilit\u00e9 et ma\u00eetrise du geste qui invite \u00e0 p\u00e9n\u00e9trer une autre dimension, une autre densit\u00e9\u2026<\/p>\n\n\n\n<div class=\"wp-block-buttons is-layout-flex wp-block-buttons-is-layout-flex\">\n<div class=\"wp-block-button has-custom-width wp-block-button__width-100 is-style-fill\"><a class=\"wp-block-button__link has-medium-font-size has-custom-font-size wp-element-button\" href=\"https:\/\/www.diptykmag.com\/le-monde-merveilleux-de-kamel-essoussi-a-la-galerie-artybox\/\" style=\"border-radius:21px\" target=\"_blank\" rel=\"noreferrer noopener\">Source<\/a><\/div>\n<\/div>\n\n\n\n<p><\/p>","protected":false},"featured_media":6888,"template":"","class_list":["post-6910","portfolio","type-portfolio","status-publish","has-post-thumbnail","hentry"],"_links":{"self":[{"href":"https:\/\/edenartgallery.ma\/en\/wp-json\/wp\/v2\/portfolio\/6910","targetHints":{"allow":["GET"]}}],"collection":[{"href":"https:\/\/edenartgallery.ma\/en\/wp-json\/wp\/v2\/portfolio"}],"about":[{"href":"https:\/\/edenartgallery.ma\/en\/wp-json\/wp\/v2\/types\/portfolio"}],"wp:featuredmedia":[{"embeddable":true,"href":"https:\/\/edenartgallery.ma\/en\/wp-json\/wp\/v2\/media\/6888"}],"wp:attachment":[{"href":"https:\/\/edenartgallery.ma\/en\/wp-json\/wp\/v2\/media?parent=6910"}],"curies":[{"name":"wp","href":"https:\/\/api.w.org\/{rel}","templated":true}]}}