{"id":6869,"date":"2025-01-18T04:00:16","date_gmt":"2025-01-18T03:00:16","guid":{"rendered":"https:\/\/edenartgallery.ma\/?post_type=portfolio&#038;p=6869"},"modified":"2025-05-28T16:31:27","modified_gmt":"2025-05-28T16:31:27","slug":"traversees-30-ans-de-creation-un-voyage-dans-limaginaire-de-monia-touiss","status":"publish","type":"portfolio","link":"https:\/\/edenartgallery.ma\/en\/portfolio\/traversees-30-ans-de-creation-un-voyage-dans-limaginaire-de-monia-touiss\/","title":{"rendered":"Travers\u00e9es, 30 ans de cr\u00e9ation\u00a0"},"content":{"rendered":"<p>Sous les lumi\u00e8res tamis\u00e9es, journalistes, critiques d\u2019art et amoureux de l\u2019art plastique ont d\u00e9couvert, hier soir, \u00ab Travers\u00e9es, 30 ans de cr\u00e9ation \u00bb, la nouvelle exposition de Monia Touiss. Apr\u00e8s le succ\u00e8s de \u00ab L\u2019espace d\u2019un instant\u2026 \u00bb en 2022, l\u2019artiste revient avec une r\u00e9trospective qui invite \u00e0 explorer son univers plastique et esth\u00e9tique, riche de trois d\u00e9cennies de cr\u00e9ativit\u00e9.<\/p>\n\n\n\n<p>Dans une mise en sc\u00e8ne sobre et \u00e9l\u00e9gante, une trentaine d\u2019\u0153uvres, toutes empreintes de la sensibilit\u00e9 de Monia Touiss, s\u2019offraient aux regards. Chaque toile repr\u00e9sente un fragment de l\u2019imaginaire singulier de Monia Touiss. Le vernissage de cette exposition haute en couleurs a \u00e9t\u00e9 l\u2019occasion pour les visiteurs d\u2019\u00e9changer avec l\u2019artiste autour de son parcours brillant : une formation \u00e0 l\u2019\u00c9cole des Beaux-Arts de T\u00e9touan, le prestigieux prix Mariano Bertuchi en 1992, puis un doctorat obtenu \u00e0 Barcelone en 2000&#8230;<\/p>\n\n\n\n<div class=\"wp-block-buttons is-layout-flex wp-block-buttons-is-layout-flex\">\n<div class=\"wp-block-button has-custom-width wp-block-button__width-100 is-style-fill\"><a class=\"wp-block-button__link has-medium-font-size has-custom-font-size wp-element-button\" href=\"https:\/\/femmesdumaroc.com\/inspiration\/culture\/traversees-30-ans-de-creation-un-voyage-dans-limaginaire-de-monia-touiss\" style=\"border-radius:21px\" target=\"_blank\" rel=\"noreferrer noopener\">Source<\/a><\/div>\n<\/div>\n\n\n\n<p><\/p>","protected":false},"featured_media":6896,"template":"","class_list":["post-6869","portfolio","type-portfolio","status-publish","has-post-thumbnail","hentry"],"_links":{"self":[{"href":"https:\/\/edenartgallery.ma\/en\/wp-json\/wp\/v2\/portfolio\/6869","targetHints":{"allow":["GET"]}}],"collection":[{"href":"https:\/\/edenartgallery.ma\/en\/wp-json\/wp\/v2\/portfolio"}],"about":[{"href":"https:\/\/edenartgallery.ma\/en\/wp-json\/wp\/v2\/types\/portfolio"}],"wp:featuredmedia":[{"embeddable":true,"href":"https:\/\/edenartgallery.ma\/en\/wp-json\/wp\/v2\/media\/6896"}],"wp:attachment":[{"href":"https:\/\/edenartgallery.ma\/en\/wp-json\/wp\/v2\/media?parent=6869"}],"curies":[{"name":"wp","href":"https:\/\/api.w.org\/{rel}","templated":true}]}}